







{"status":1,"type":"default","content":"\t\t<div id=\"dialogContent\" class=\"flex-box\">\n\t\t\t<div class=\"content\">\n\t\t\t\t<a name=\"cat\"><\/a>\n\t\t\t\t<p>\ud83c\udf1f Happy Weltkindertag! \ud83c\udf1f <br \/>\nHeute feiern wir nicht nur die Kinder, sondern setzen uns auch aktiv f\u00fcr ihre Rechte ein. Jedes Kind hat beispielsweise das Recht auf eigene Meinung, Mitbestimmung und Bildung. \ud83c\udf08\ud83d\udc96<br \/>\n<br \/>\nLasst uns gemeinsam daf\u00fcr sorgen, dass jedes Kind die Liebe, F\u00fcrsorge und die Chancen erh\u00e4lt, die es verdient. Wenn sich eure Kids selbst einbringen und engagieren wollen, dann lasst sie auf der Website \u201ePartizipation Bayern\u201c vorbeischauen. Weitere Informationen findet ihr hier: partizipation.bayern.de <br \/>\n<br \/>\nWie feiert ihr diesen besonderen Tag mit euren Kindern? Teilt eure sch\u00f6nsten Ideen mit uns! <br \/>\n<br \/>\n<a href=\"https:\/\/www.instagram.com\/explore\/tags\/Weltkindertag\/\" target=\"_blank\">#Weltkindertag<\/a> <a href=\"https:\/\/www.instagram.com\/explore\/tags\/FamilienInBayern\/\" target=\"_blank\">#FamilienInBayern<\/a> <a href=\"https:\/\/www.instagram.com\/explore\/tags\/BayernGemeinsamStark\/\" target=\"_blank\">#BayernGemeinsamStark<\/a> <a href=\"https:\/\/www.instagram.com\/explore\/tags\/Familie\/\" target=\"_blank\">#Familie<\/a> <a href=\"https:\/\/www.instagram.com\/explore\/tags\/Kinderliebe\/\" target=\"_blank\">#Kinderliebe<\/a> <a href=\"https:\/\/www.instagram.com\/explore\/tags\/Kinder\/\" target=\"_blank\">#Kinder<\/a> <a href=\"https:\/\/www.instagram.com\/explore\/tags\/LebenMitKindern\/\" target=\"_blank\">#LebenMitKindern<\/a> <a href=\"https:\/\/www.instagram.com\/explore\/tags\/Gemeinschaft\/\" target=\"_blank\">#Gemeinschaft<\/a> <a href=\"https:\/\/www.instagram.com\/explore\/tags\/Familienzeit\/\" target=\"_blank\">#Familienzeit<\/a><\/p>\n\t\t\t\t\n\t\t\t\t\n\t\t\t\t<div class=\"date-box\">\n\t\t\t\t\t<span class=\"icon icon-calendar\" aria-hidden=\"true\"><svg width=\"18\" height=\"18\"><use xlink:href=\"\/imperia\/md\/images\/stmas\/familienland\/system\/icons\/icons.svg#calendar\"\/><\/svg><\/span>\n\t\t\t\t\t<time datetime=\"2024-09-20CEST10:00:19\">20.September 2024<\/time>\n\t\t\t\t<\/div>\n\t\t\t<\/div>\n\t\t\t<div class=\"media\">\n\t\t\t\t\n\t\t\t\t<figure>\n\t\t\t\t\t<img src=\"\/previews\/18047922517760502.jpg\" alt=\"\" \/>\n\t\t\t\t<\/figure>\n\t\t\t\n\t\t\t<\/div>\n\t\t<\/div>"}